{"id":6856,"date":"2025-03-13T18:07:22","date_gmt":"2025-03-13T18:07:22","guid":{"rendered":"https:\/\/ennovarenovables.com\/proyecto\/autoportante-sur-125-kw-valencia\/"},"modified":"2025-06-06T11:22:53","modified_gmt":"2025-06-06T11:22:53","slug":"autoportante-sur-125-kw-valencia","status":"publish","type":"proyecto","link":"https:\/\/ennovarenovables.com\/pt-pt\/proyecto\/autoportante-sur-125-kw-valencia\/","title":{"rendered":"Autoportante Sur 125 kW, Val\u00eancia"},"content":{"rendered":"\n<p>A Ennova forneceu a sua solu\u00e7\u00e3o fotovoltaica <strong>Ennovametal Autoportante Sur<\/strong> para uma instala\u00e7\u00e3o <strong>de 125 kW<\/strong> em Val\u00eancia. Esta estrutura met\u00e1lica autoportante, concebida para ser instalada em telhados planos, proporciona uma base s\u00f3lida e eficiente sem necessidade de perfura\u00e7\u00e3o. Fabricada com materiais de alta qualidade, garante uma excelente durabilidade, resist\u00eancia \u00e0s condi\u00e7\u00f5es climat\u00e9ricas e um \u00f3timo desempenho durante toda a vida \u00fatil da instala\u00e7\u00e3o.  <\/p>\n\n<p><\/p>\n","protected":false},"featured_media":7414,"template":"","meta":{"_acf_changed":false,"_uag_custom_page_level_css":"","site-sidebar-layout":"default","site-content-layout":"","ast-site-content-layout":"","site-content-style":"default","site-sidebar-style":"default","ast-global-header-display":"","ast-banner-title-visibility":"","ast-main-header-display":"","ast-hfb-above-header-display":"","ast-hfb-below-header-display":"","ast-hfb-mobile-header-display":"","site-post-title":"","ast-breadcrumbs-content":"","ast-featured-img":"","footer-sml-layout":"","theme-transparent-header-meta":"","adv-header-id-meta":"","stick-header-meta":"","header-above-stick-meta":"","header-main-stick-meta":"","header-below-stick-meta":"","astra-migrate-meta-layouts":"default","ast-page-background-enabled":"default","ast-page-background-meta":{"desktop":{"background-color":"var(--ast-global-color-4)","background-image":"","background-repeat":"repeat","background-position":"center center","background-size":"auto","background-attachment":"scroll","background-type":"","background-media":"","overlay-type":"","overlay-color":"","overlay-opacity":"","overlay-gradient":""},"tablet":{"background-color":"","background-image":"","background-repeat":"repeat","background-position":"center center","background-size":"auto","background-attachment":"scroll","background-type":"","background-media":"","overlay-type":"","overlay-color":"","overlay-opacity":"","overlay-gradient":""},"mobile":{"background-color":"","background-image":"","background-repeat":"repeat","background-position":"center center","background-size":"auto","background-attachment":"scroll","background-type":"","background-media":"","overlay-type":"","overlay-color":"","overlay-opacity":"","overlay-gradient":""}},"ast-content-background-meta":{"desktop":{"background-color":"var(--ast-global-color-5)","background-image":"","background-repeat":"repeat","background-position":"center center","background-size":"auto","background-attachment":"scroll","background-type":"","background-media":"","overlay-type":"","overlay-color":"","overlay-opacity":"","overlay-gradient":""},"tablet":{"background-color":"var(--ast-global-color-5)","background-image":"","background-repeat":"repeat","background-position":"center center","background-size":"auto","background-attachment":"scroll","background-type":"","background-media":"","overlay-type":"","overlay-color":"","overlay-opacity":"","overlay-gradient":""},"mobile":{"background-color":"var(--ast-global-color-5)","background-image":"","background-repeat":"repeat","background-position":"center center","background-size":"auto","background-attachment":"scroll","background-type":"","background-media":"","overlay-type":"","overlay-color":"","overlay-opacity":"","overlay-gradient":""}}},"class_list":["post-6856","proyecto","type-proyecto","status-publish","has-post-thumbnail","hentry"],"nelio_popups_active_popup":"","acf":[],"yoast_head":"<!-- This site is optimized with the Yoast SEO plugin v27.4 - https:\/\/yoast.com\/product\/yoast-seo-wordpress\/ -->\n<title>Autoportante Sur 125 kW, Val\u00eancia - Ennova Renovables<\/title>\n<meta name=\"robots\" content=\"index, follow, max-snippet:-1, max-image-preview:large, max-video-preview:-1\" \/>\n<link rel=\"canonical\" href=\"https:\/\/ennovarenovables.com\/pt-pt\/proyecto\/autoportante-sur-125-kw-valencia\/\" \/>\n<meta property=\"og:locale\" content=\"pt_PT\" \/>\n<meta property=\"og:type\" content=\"article\" \/>\n<meta property=\"og:title\" content=\"Autoportante Sur 125 kW, Val\u00eancia - Ennova Renovables\" \/>\n<meta property=\"og:description\" content=\"A Ennova forneceu a sua solu\u00e7\u00e3o fotovoltaica Ennovametal Autoportante Sur para uma instala\u00e7\u00e3o de 125 kW em Val\u00eancia. Esta estrutura [&hellip;]\" \/>\n<meta property=\"og:url\" content=\"https:\/\/ennovarenovables.com\/pt-pt\/proyecto\/autoportante-sur-125-kw-valencia\/\" \/>\n<meta property=\"og:site_name\" content=\"Ennova Renovables\" \/>\n<meta property=\"article:modified_time\" content=\"2025-06-06T11:22:53+00:00\" \/>\n<meta property=\"og:image\" content=\"http:\/\/ennovarenovables.com\/wp-content\/uploads\/2025\/03\/Coplanar-Autoportante-Sur-125kw-Valencia-EDIT-scaled.jpg\" \/>\n\t<meta property=\"og:image:width\" content=\"1180\" \/>\n\t<meta property=\"og:image:height\" content=\"2560\" \/>\n\t<meta property=\"og:image:type\" content=\"image\/jpeg\" \/>\n<meta name=\"twitter:card\" content=\"summary_large_image\" \/>\n<script type=\"application\/ld+json\" class=\"yoast-schema-graph\">{\"@context\":\"https:\\\/\\\/schema.org\",\"@graph\":[{\"@type\":\"WebPage\",\"@id\":\"https:\\\/\\\/ennovarenovables.com\\\/pt-pt\\\/proyecto\\\/autoportante-sur-125-kw-valencia\\\/\",\"url\":\"https:\\\/\\\/ennovarenovables.com\\\/pt-pt\\\/proyecto\\\/autoportante-sur-125-kw-valencia\\\/\",\"name\":\"Autoportante Sur 125 kW, Val\u00eancia - Ennova Renovables\",\"isPartOf\":{\"@id\":\"https:\\\/\\\/ennovarenovables.com\\\/pt-pt\\\/#website\"},\"primaryImageOfPage\":{\"@id\":\"https:\\\/\\\/ennovarenovables.com\\\/pt-pt\\\/proyecto\\\/autoportante-sur-125-kw-valencia\\\/#primaryimage\"},\"image\":{\"@id\":\"https:\\\/\\\/ennovarenovables.com\\\/pt-pt\\\/proyecto\\\/autoportante-sur-125-kw-valencia\\\/#primaryimage\"},\"thumbnailUrl\":\"https:\\\/\\\/ennovarenovables.com\\\/wp-content\\\/uploads\\\/2025\\\/03\\\/Coplanar-Autoportante-Sur-125kw-Valencia-EDIT-scaled.jpg\",\"datePublished\":\"2025-03-13T18:07:22+00:00\",\"dateModified\":\"2025-06-06T11:22:53+00:00\",\"breadcrumb\":{\"@id\":\"https:\\\/\\\/ennovarenovables.com\\\/pt-pt\\\/proyecto\\\/autoportante-sur-125-kw-valencia\\\/#breadcrumb\"},\"inLanguage\":\"pt-PT\",\"potentialAction\":[{\"@type\":\"ReadAction\",\"target\":[\"https:\\\/\\\/ennovarenovables.com\\\/pt-pt\\\/proyecto\\\/autoportante-sur-125-kw-valencia\\\/\"]}]},{\"@type\":\"ImageObject\",\"inLanguage\":\"pt-PT\",\"@id\":\"https:\\\/\\\/ennovarenovables.com\\\/pt-pt\\\/proyecto\\\/autoportante-sur-125-kw-valencia\\\/#primaryimage\",\"url\":\"https:\\\/\\\/ennovarenovables.com\\\/wp-content\\\/uploads\\\/2025\\\/03\\\/Coplanar-Autoportante-Sur-125kw-Valencia-EDIT-scaled.jpg\",\"contentUrl\":\"https:\\\/\\\/ennovarenovables.com\\\/wp-content\\\/uploads\\\/2025\\\/03\\\/Coplanar-Autoportante-Sur-125kw-Valencia-EDIT-scaled.jpg\",\"width\":1180,\"height\":2560},{\"@type\":\"BreadcrumbList\",\"@id\":\"https:\\\/\\\/ennovarenovables.com\\\/pt-pt\\\/proyecto\\\/autoportante-sur-125-kw-valencia\\\/#breadcrumb\",\"itemListElement\":[{\"@type\":\"ListItem\",\"position\":1,\"name\":\"Portada\",\"item\":\"https:\\\/\\\/ennovarenovables.com\\\/pt-pt\\\/\"},{\"@type\":\"ListItem\",\"position\":2,\"name\":\"Autoportante Sur 125 kW, Val\u00eancia\"}]},{\"@type\":\"WebSite\",\"@id\":\"https:\\\/\\\/ennovarenovables.com\\\/pt-pt\\\/#website\",\"url\":\"https:\\\/\\\/ennovarenovables.com\\\/pt-pt\\\/\",\"name\":\"Ennova Renovables\",\"description\":\"Fabricantes de estructuras met\u00e1licas y soportes de hormig\u00f3n para estructuras fotovoltaicas\",\"publisher\":{\"@id\":\"https:\\\/\\\/ennovarenovables.com\\\/pt-pt\\\/#organization\"},\"potentialAction\":[{\"@type\":\"SearchAction\",\"target\":{\"@type\":\"EntryPoint\",\"urlTemplate\":\"https:\\\/\\\/ennovarenovables.com\\\/pt-pt\\\/?s={search_term_string}\"},\"query-input\":{\"@type\":\"PropertyValueSpecification\",\"valueRequired\":true,\"valueName\":\"search_term_string\"}}],\"inLanguage\":\"pt-PT\"},{\"@type\":\"Organization\",\"@id\":\"https:\\\/\\\/ennovarenovables.com\\\/pt-pt\\\/#organization\",\"name\":\"Ennova Renovables\",\"url\":\"https:\\\/\\\/ennovarenovables.com\\\/pt-pt\\\/\",\"logo\":{\"@type\":\"ImageObject\",\"inLanguage\":\"pt-PT\",\"@id\":\"https:\\\/\\\/ennovarenovables.com\\\/pt-pt\\\/#\\\/schema\\\/logo\\\/image\\\/\",\"url\":\"https:\\\/\\\/ennovarenovables.com\\\/wp-content\\\/uploads\\\/2024\\\/11\\\/logo-ennova-renovables.svg\",\"contentUrl\":\"https:\\\/\\\/ennovarenovables.com\\\/wp-content\\\/uploads\\\/2024\\\/11\\\/logo-ennova-renovables.svg\",\"width\":202,\"height\":29,\"caption\":\"Ennova Renovables\"},\"image\":{\"@id\":\"https:\\\/\\\/ennovarenovables.com\\\/pt-pt\\\/#\\\/schema\\\/logo\\\/image\\\/\"}}]}<\/script>\n<!-- \/ Yoast SEO plugin. -->","yoast_head_json":{"title":"Autoportante Sur 125 kW, Val\u00eancia - Ennova Renovables","robots":{"index":"index","follow":"follow","max-snippet":"max-snippet:-1","max-image-preview":"max-image-preview:large","max-video-preview":"max-video-preview:-1"},"canonical":"https:\/\/ennovarenovables.com\/pt-pt\/proyecto\/autoportante-sur-125-kw-valencia\/","og_locale":"pt_PT","og_type":"article","og_title":"Autoportante Sur 125 kW, Val\u00eancia - Ennova Renovables","og_description":"A Ennova forneceu a sua solu\u00e7\u00e3o fotovoltaica Ennovametal Autoportante Sur para uma instala\u00e7\u00e3o de 125 kW em Val\u00eancia. Esta estrutura [&hellip;]","og_url":"https:\/\/ennovarenovables.com\/pt-pt\/proyecto\/autoportante-sur-125-kw-valencia\/","og_site_name":"Ennova Renovables","article_modified_time":"2025-06-06T11:22:53+00:00","og_image":[{"width":1180,"height":2560,"url":"http:\/\/ennovarenovables.com\/wp-content\/uploads\/2025\/03\/Coplanar-Autoportante-Sur-125kw-Valencia-EDIT-scaled.jpg","type":"image\/jpeg"}],"twitter_card":"summary_large_image","schema":{"@context":"https:\/\/schema.org","@graph":[{"@type":"WebPage","@id":"https:\/\/ennovarenovables.com\/pt-pt\/proyecto\/autoportante-sur-125-kw-valencia\/","url":"https:\/\/ennovarenovables.com\/pt-pt\/proyecto\/autoportante-sur-125-kw-valencia\/","name":"Autoportante Sur 125 kW, Val\u00eancia - Ennova Renovables","isPartOf":{"@id":"https:\/\/ennovarenovables.com\/pt-pt\/#website"},"primaryImageOfPage":{"@id":"https:\/\/ennovarenovables.com\/pt-pt\/proyecto\/autoportante-sur-125-kw-valencia\/#primaryimage"},"image":{"@id":"https:\/\/ennovarenovables.com\/pt-pt\/proyecto\/autoportante-sur-125-kw-valencia\/#primaryimage"},"thumbnailUrl":"https:\/\/ennovarenovables.com\/wp-content\/uploads\/2025\/03\/Coplanar-Autoportante-Sur-125kw-Valencia-EDIT-scaled.jpg","datePublished":"2025-03-13T18:07:22+00:00","dateModified":"2025-06-06T11:22:53+00:00","breadcrumb":{"@id":"https:\/\/ennovarenovables.com\/pt-pt\/proyecto\/autoportante-sur-125-kw-valencia\/#breadcrumb"},"inLanguage":"pt-PT","potentialAction":[{"@type":"ReadAction","target":["https:\/\/ennovarenovables.com\/pt-pt\/proyecto\/autoportante-sur-125-kw-valencia\/"]}]},{"@type":"ImageObject","inLanguage":"pt-PT","@id":"https:\/\/ennovarenovables.com\/pt-pt\/proyecto\/autoportante-sur-125-kw-valencia\/#primaryimage","url":"https:\/\/ennovarenovables.com\/wp-content\/uploads\/2025\/03\/Coplanar-Autoportante-Sur-125kw-Valencia-EDIT-scaled.jpg","contentUrl":"https:\/\/ennovarenovables.com\/wp-content\/uploads\/2025\/03\/Coplanar-Autoportante-Sur-125kw-Valencia-EDIT-scaled.jpg","width":1180,"height":2560},{"@type":"BreadcrumbList","@id":"https:\/\/ennovarenovables.com\/pt-pt\/proyecto\/autoportante-sur-125-kw-valencia\/#breadcrumb","itemListElement":[{"@type":"ListItem","position":1,"name":"Portada","item":"https:\/\/ennovarenovables.com\/pt-pt\/"},{"@type":"ListItem","position":2,"name":"Autoportante Sur 125 kW, Val\u00eancia"}]},{"@type":"WebSite","@id":"https:\/\/ennovarenovables.com\/pt-pt\/#website","url":"https:\/\/ennovarenovables.com\/pt-pt\/","name":"Ennova Renovables","description":"Fabricantes de estructuras met\u00e1licas y soportes de hormig\u00f3n para estructuras fotovoltaicas","publisher":{"@id":"https:\/\/ennovarenovables.com\/pt-pt\/#organization"},"potentialAction":[{"@type":"SearchAction","target":{"@type":"EntryPoint","urlTemplate":"https:\/\/ennovarenovables.com\/pt-pt\/?s={search_term_string}"},"query-input":{"@type":"PropertyValueSpecification","valueRequired":true,"valueName":"search_term_string"}}],"inLanguage":"pt-PT"},{"@type":"Organization","@id":"https:\/\/ennovarenovables.com\/pt-pt\/#organization","name":"Ennova Renovables","url":"https:\/\/ennovarenovables.com\/pt-pt\/","logo":{"@type":"ImageObject","inLanguage":"pt-PT","@id":"https:\/\/ennovarenovables.com\/pt-pt\/#\/schema\/logo\/image\/","url":"https:\/\/ennovarenovables.com\/wp-content\/uploads\/2024\/11\/logo-ennova-renovables.svg","contentUrl":"https:\/\/ennovarenovables.com\/wp-content\/uploads\/2024\/11\/logo-ennova-renovables.svg","width":202,"height":29,"caption":"Ennova Renovables"},"image":{"@id":"https:\/\/ennovarenovables.com\/pt-pt\/#\/schema\/logo\/image\/"}}]}},"uagb_featured_image_src":{"full":["https:\/\/ennovarenovables.com\/wp-content\/uploads\/2025\/03\/Coplanar-Autoportante-Sur-125kw-Valencia-EDIT-scaled.jpg",1180,2560,false],"thumbnail":["https:\/\/ennovarenovables.com\/wp-content\/uploads\/2025\/03\/Coplanar-Autoportante-Sur-125kw-Valencia-EDIT-150x150.jpg",150,150,true],"medium":["https:\/\/ennovarenovables.com\/wp-content\/uploads\/2025\/03\/Coplanar-Autoportante-Sur-125kw-Valencia-EDIT-369x800.jpg",369,800,true],"medium_large":["https:\/\/ennovarenovables.com\/wp-content\/uploads\/2025\/03\/Coplanar-Autoportante-Sur-125kw-Valencia-EDIT-768x1666.jpg",768,1666,true],"large":["https:\/\/ennovarenovables.com\/wp-content\/uploads\/2025\/03\/Coplanar-Autoportante-Sur-125kw-Valencia-EDIT-472x1024.jpg",472,1024,true],"1536x1536":["https:\/\/ennovarenovables.com\/wp-content\/uploads\/2025\/03\/Coplanar-Autoportante-Sur-125kw-Valencia-EDIT-708x1536.jpg",708,1536,true],"2048x2048":["https:\/\/ennovarenovables.com\/wp-content\/uploads\/2025\/03\/Coplanar-Autoportante-Sur-125kw-Valencia-EDIT-944x2048.jpg",944,2048,true]},"uagb_author_info":{"display_name":"bsp","author_link":"https:\/\/ennovarenovables.com\/pt-pt\/author\/"},"uagb_comment_info":0,"uagb_excerpt":"A Ennova forneceu a sua solu\u00e7\u00e3o fotovoltaica Ennovametal Autoportante Sur para uma instala\u00e7\u00e3o de 125 kW em Val\u00eancia. Esta estrutura [&hellip;]","_links":{"self":[{"href":"https:\/\/ennovarenovables.com\/pt-pt\/wp-json\/wp\/v2\/proyecto\/6856","targetHints":{"allow":["GET"]}}],"collection":[{"href":"https:\/\/ennovarenovables.com\/pt-pt\/wp-json\/wp\/v2\/proyecto"}],"about":[{"href":"https:\/\/ennovarenovables.com\/pt-pt\/wp-json\/wp\/v2\/types\/proyecto"}],"wp:featuredmedia":[{"embeddable":true,"href":"https:\/\/ennovarenovables.com\/pt-pt\/wp-json\/wp\/v2\/media\/7414"}],"wp:attachment":[{"href":"https:\/\/ennovarenovables.com\/pt-pt\/wp-json\/wp\/v2\/media?parent=6856"}],"curies":[{"name":"wp","href":"https:\/\/api.w.org\/{rel}","templated":true}]}}