{"id":5000,"date":"2025-01-24T05:15:35","date_gmt":"2025-01-24T05:15:35","guid":{"rendered":"https:\/\/ennovarenovables.com\/proyecto\/vela-15-elche\/"},"modified":"2025-02-17T16:41:10","modified_gmt":"2025-02-17T16:41:10","slug":"vela-15-elche","status":"publish","type":"proyecto","link":"https:\/\/ennovarenovables.com\/pt-pt\/proyecto\/vela-15-elche\/","title":{"rendered":"Vela 15\u00ba CDE 300 kW, Elche"},"content":{"rendered":"<p>A Ennova est\u00e1 a liderar o projeto Vela 15 em Elche, Alicante, com um sistema fotovoltaico de 300 kW que utiliza os inovadores suportes de bet\u00e3o Ennovabloc Vela 15\u00ba na configura\u00e7\u00e3o CDE. Esta solu\u00e7\u00e3o foi concebida para otimizar a capta\u00e7\u00e3o solar com uma inclina\u00e7\u00e3o precisa de 15\u00ba, garantindo a m\u00e1xima efici\u00eancia energ\u00e9tica e adaptabilidade \u00e0s carater\u00edsticas do terreno. Fabricados com bet\u00e3o de alta densidade, os suportes oferecem estabilidade, durabilidade e resist\u00eancia a condi\u00e7\u00f5es climat\u00e9ricas exigentes. Com este projeto, a Ennova reafirma o seu compromisso com a sustentabilidade e a inova\u00e7\u00e3o no sector fotovoltaico.   <\/p>\n\n<p><\/p>\n","protected":false},"featured_media":0,"template":"","meta":{"_acf_changed":false,"_uag_custom_page_level_css":"","site-sidebar-layout":"default","site-content-layout":"","ast-site-content-layout":"","site-content-style":"default","site-sidebar-style":"default","ast-global-header-display":"","ast-banner-title-visibility":"","ast-main-header-display":"","ast-hfb-above-header-display":"","ast-hfb-below-header-display":"","ast-hfb-mobile-header-display":"","site-post-title":"","ast-breadcrumbs-content":"","ast-featured-img":"","footer-sml-layout":"","theme-transparent-header-meta":"","adv-header-id-meta":"","stick-header-meta":"","header-above-stick-meta":"","header-main-stick-meta":"","header-below-stick-meta":"","astra-migrate-meta-layouts":"default","ast-page-background-enabled":"default","ast-page-background-meta":{"desktop":{"background-color":"var(--ast-global-color-4)","background-image":"","background-repeat":"repeat","background-position":"center center","background-size":"auto","background-attachment":"scroll","background-type":"","background-media":"","overlay-type":"","overlay-color":"","overlay-opacity":"","overlay-gradient":""},"tablet":{"background-color":"","background-image":"","background-repeat":"repeat","background-position":"center center","background-size":"auto","background-attachment":"scroll","background-type":"","background-media":"","overlay-type":"","overlay-color":"","overlay-opacity":"","overlay-gradient":""},"mobile":{"background-color":"","background-image":"","background-repeat":"repeat","background-position":"center center","background-size":"auto","background-attachment":"scroll","background-type":"","background-media":"","overlay-type":"","overlay-color":"","overlay-opacity":"","overlay-gradient":""}},"ast-content-background-meta":{"desktop":{"background-color":"var(--ast-global-color-5)","background-image":"","background-repeat":"repeat","background-position":"center center","background-size":"auto","background-attachment":"scroll","background-type":"","background-media":"","overlay-type":"","overlay-color":"","overlay-opacity":"","overlay-gradient":""},"tablet":{"background-color":"var(--ast-global-color-5)","background-image":"","background-repeat":"repeat","background-position":"center center","background-size":"auto","background-attachment":"scroll","background-type":"","background-media":"","overlay-type":"","overlay-color":"","overlay-opacity":"","overlay-gradient":""},"mobile":{"background-color":"var(--ast-global-color-5)","background-image":"","background-repeat":"repeat","background-position":"center center","background-size":"auto","background-attachment":"scroll","background-type":"","background-media":"","overlay-type":"","overlay-color":"","overlay-opacity":"","overlay-gradient":""}}},"class_list":["post-5000","proyecto","type-proyecto","status-publish","hentry"],"nelio_popups_active_popup":"","acf":[],"yoast_head":"<!-- This site is optimized with the Yoast SEO plugin v27.4 - https:\/\/yoast.com\/product\/yoast-seo-wordpress\/ -->\n<title>Vela 15\u00ba CDE 300 kW, Elche - Ennova Renovables<\/title>\n<meta name=\"robots\" content=\"index, follow, max-snippet:-1, max-image-preview:large, max-video-preview:-1\" \/>\n<link rel=\"canonical\" href=\"https:\/\/ennovarenovables.com\/pt-pt\/proyecto\/vela-15-elche\/\" \/>\n<meta property=\"og:locale\" content=\"pt_PT\" \/>\n<meta property=\"og:type\" content=\"article\" \/>\n<meta property=\"og:title\" content=\"Vela 15\u00ba CDE 300 kW, Elche - Ennova Renovables\" \/>\n<meta property=\"og:description\" content=\"A Ennova est\u00e1 a liderar o projeto Vela 15 em Elche, Alicante, com um sistema fotovoltaico de 300 kW que [&hellip;]\" \/>\n<meta property=\"og:url\" content=\"https:\/\/ennovarenovables.com\/pt-pt\/proyecto\/vela-15-elche\/\" \/>\n<meta property=\"og:site_name\" content=\"Ennova Renovables\" \/>\n<meta property=\"article:modified_time\" content=\"2025-02-17T16:41:10+00:00\" \/>\n<meta name=\"twitter:card\" content=\"summary_large_image\" \/>\n<meta name=\"twitter:label1\" content=\"Tempo estimado de leitura\" \/>\n\t<meta name=\"twitter:data1\" content=\"1 minuto\" \/>\n<script type=\"application\/ld+json\" class=\"yoast-schema-graph\">{\"@context\":\"https:\\\/\\\/schema.org\",\"@graph\":[{\"@type\":\"WebPage\",\"@id\":\"https:\\\/\\\/ennovarenovables.com\\\/pt-pt\\\/proyecto\\\/vela-15-elche\\\/\",\"url\":\"https:\\\/\\\/ennovarenovables.com\\\/pt-pt\\\/proyecto\\\/vela-15-elche\\\/\",\"name\":\"Vela 15\u00ba CDE 300 kW, Elche - Ennova Renovables\",\"isPartOf\":{\"@id\":\"https:\\\/\\\/ennovarenovables.com\\\/pt-pt\\\/#website\"},\"datePublished\":\"2025-01-24T05:15:35+00:00\",\"dateModified\":\"2025-02-17T16:41:10+00:00\",\"breadcrumb\":{\"@id\":\"https:\\\/\\\/ennovarenovables.com\\\/pt-pt\\\/proyecto\\\/vela-15-elche\\\/#breadcrumb\"},\"inLanguage\":\"pt-PT\",\"potentialAction\":[{\"@type\":\"ReadAction\",\"target\":[\"https:\\\/\\\/ennovarenovables.com\\\/pt-pt\\\/proyecto\\\/vela-15-elche\\\/\"]}]},{\"@type\":\"BreadcrumbList\",\"@id\":\"https:\\\/\\\/ennovarenovables.com\\\/pt-pt\\\/proyecto\\\/vela-15-elche\\\/#breadcrumb\",\"itemListElement\":[{\"@type\":\"ListItem\",\"position\":1,\"name\":\"Portada\",\"item\":\"https:\\\/\\\/ennovarenovables.com\\\/pt-pt\\\/\"},{\"@type\":\"ListItem\",\"position\":2,\"name\":\"Vela 15\u00ba CDE 300 kW, Elche\"}]},{\"@type\":\"WebSite\",\"@id\":\"https:\\\/\\\/ennovarenovables.com\\\/pt-pt\\\/#website\",\"url\":\"https:\\\/\\\/ennovarenovables.com\\\/pt-pt\\\/\",\"name\":\"Ennova Renovables\",\"description\":\"Fabricantes de estructuras met\u00e1licas y soportes de hormig\u00f3n para estructuras fotovoltaicas\",\"publisher\":{\"@id\":\"https:\\\/\\\/ennovarenovables.com\\\/pt-pt\\\/#organization\"},\"potentialAction\":[{\"@type\":\"SearchAction\",\"target\":{\"@type\":\"EntryPoint\",\"urlTemplate\":\"https:\\\/\\\/ennovarenovables.com\\\/pt-pt\\\/?s={search_term_string}\"},\"query-input\":{\"@type\":\"PropertyValueSpecification\",\"valueRequired\":true,\"valueName\":\"search_term_string\"}}],\"inLanguage\":\"pt-PT\"},{\"@type\":\"Organization\",\"@id\":\"https:\\\/\\\/ennovarenovables.com\\\/pt-pt\\\/#organization\",\"name\":\"Ennova Renovables\",\"url\":\"https:\\\/\\\/ennovarenovables.com\\\/pt-pt\\\/\",\"logo\":{\"@type\":\"ImageObject\",\"inLanguage\":\"pt-PT\",\"@id\":\"https:\\\/\\\/ennovarenovables.com\\\/pt-pt\\\/#\\\/schema\\\/logo\\\/image\\\/\",\"url\":\"https:\\\/\\\/ennovarenovables.com\\\/wp-content\\\/uploads\\\/2024\\\/11\\\/logo-ennova-renovables.svg\",\"contentUrl\":\"https:\\\/\\\/ennovarenovables.com\\\/wp-content\\\/uploads\\\/2024\\\/11\\\/logo-ennova-renovables.svg\",\"width\":202,\"height\":29,\"caption\":\"Ennova Renovables\"},\"image\":{\"@id\":\"https:\\\/\\\/ennovarenovables.com\\\/pt-pt\\\/#\\\/schema\\\/logo\\\/image\\\/\"}}]}<\/script>\n<!-- \/ Yoast SEO plugin. -->","yoast_head_json":{"title":"Vela 15\u00ba CDE 300 kW, Elche - Ennova Renovables","robots":{"index":"index","follow":"follow","max-snippet":"max-snippet:-1","max-image-preview":"max-image-preview:large","max-video-preview":"max-video-preview:-1"},"canonical":"https:\/\/ennovarenovables.com\/pt-pt\/proyecto\/vela-15-elche\/","og_locale":"pt_PT","og_type":"article","og_title":"Vela 15\u00ba CDE 300 kW, Elche - Ennova Renovables","og_description":"A Ennova est\u00e1 a liderar o projeto Vela 15 em Elche, Alicante, com um sistema fotovoltaico de 300 kW que [&hellip;]","og_url":"https:\/\/ennovarenovables.com\/pt-pt\/proyecto\/vela-15-elche\/","og_site_name":"Ennova Renovables","article_modified_time":"2025-02-17T16:41:10+00:00","twitter_card":"summary_large_image","twitter_misc":{"Tempo estimado de leitura":"1 minuto"},"schema":{"@context":"https:\/\/schema.org","@graph":[{"@type":"WebPage","@id":"https:\/\/ennovarenovables.com\/pt-pt\/proyecto\/vela-15-elche\/","url":"https:\/\/ennovarenovables.com\/pt-pt\/proyecto\/vela-15-elche\/","name":"Vela 15\u00ba CDE 300 kW, Elche - Ennova Renovables","isPartOf":{"@id":"https:\/\/ennovarenovables.com\/pt-pt\/#website"},"datePublished":"2025-01-24T05:15:35+00:00","dateModified":"2025-02-17T16:41:10+00:00","breadcrumb":{"@id":"https:\/\/ennovarenovables.com\/pt-pt\/proyecto\/vela-15-elche\/#breadcrumb"},"inLanguage":"pt-PT","potentialAction":[{"@type":"ReadAction","target":["https:\/\/ennovarenovables.com\/pt-pt\/proyecto\/vela-15-elche\/"]}]},{"@type":"BreadcrumbList","@id":"https:\/\/ennovarenovables.com\/pt-pt\/proyecto\/vela-15-elche\/#breadcrumb","itemListElement":[{"@type":"ListItem","position":1,"name":"Portada","item":"https:\/\/ennovarenovables.com\/pt-pt\/"},{"@type":"ListItem","position":2,"name":"Vela 15\u00ba CDE 300 kW, Elche"}]},{"@type":"WebSite","@id":"https:\/\/ennovarenovables.com\/pt-pt\/#website","url":"https:\/\/ennovarenovables.com\/pt-pt\/","name":"Ennova Renovables","description":"Fabricantes de estructuras met\u00e1licas y soportes de hormig\u00f3n para estructuras fotovoltaicas","publisher":{"@id":"https:\/\/ennovarenovables.com\/pt-pt\/#organization"},"potentialAction":[{"@type":"SearchAction","target":{"@type":"EntryPoint","urlTemplate":"https:\/\/ennovarenovables.com\/pt-pt\/?s={search_term_string}"},"query-input":{"@type":"PropertyValueSpecification","valueRequired":true,"valueName":"search_term_string"}}],"inLanguage":"pt-PT"},{"@type":"Organization","@id":"https:\/\/ennovarenovables.com\/pt-pt\/#organization","name":"Ennova Renovables","url":"https:\/\/ennovarenovables.com\/pt-pt\/","logo":{"@type":"ImageObject","inLanguage":"pt-PT","@id":"https:\/\/ennovarenovables.com\/pt-pt\/#\/schema\/logo\/image\/","url":"https:\/\/ennovarenovables.com\/wp-content\/uploads\/2024\/11\/logo-ennova-renovables.svg","contentUrl":"https:\/\/ennovarenovables.com\/wp-content\/uploads\/2024\/11\/logo-ennova-renovables.svg","width":202,"height":29,"caption":"Ennova Renovables"},"image":{"@id":"https:\/\/ennovarenovables.com\/pt-pt\/#\/schema\/logo\/image\/"}}]}},"uagb_featured_image_src":{"full":false,"thumbnail":false,"medium":false,"medium_large":false,"large":false,"1536x1536":false,"2048x2048":false},"uagb_author_info":{"display_name":"bsp","author_link":"https:\/\/ennovarenovables.com\/pt-pt\/author\/"},"uagb_comment_info":0,"uagb_excerpt":"A Ennova est\u00e1 a liderar o projeto Vela 15 em Elche, Alicante, com um sistema fotovoltaico de 300 kW que [&hellip;]","_links":{"self":[{"href":"https:\/\/ennovarenovables.com\/pt-pt\/wp-json\/wp\/v2\/proyecto\/5000","targetHints":{"allow":["GET"]}}],"collection":[{"href":"https:\/\/ennovarenovables.com\/pt-pt\/wp-json\/wp\/v2\/proyecto"}],"about":[{"href":"https:\/\/ennovarenovables.com\/pt-pt\/wp-json\/wp\/v2\/types\/proyecto"}],"wp:attachment":[{"href":"https:\/\/ennovarenovables.com\/pt-pt\/wp-json\/wp\/v2\/media?parent=5000"}],"curies":[{"name":"wp","href":"https:\/\/api.w.org\/{rel}","templated":true}]}}